{"id":51,"date":"2017-04-03T14:44:57","date_gmt":"2017-04-03T12:44:57","guid":{"rendered":"http:\/\/trt27.com\/?page_id=51"},"modified":"2017-04-21T11:08:12","modified_gmt":"2017-04-21T09:08:12","slug":"pilotes","status":"publish","type":"page","link":"https:\/\/trt27.com\/index.php\/pilotes\/","title":{"rendered":"Pilotes"},"content":{"rendered":"<ul>\n<li><a href=\"https:\/\/www.facebook.com\/yellowduduche\">Thibaut Duch\u00eane<\/a><\/li>\n<\/ul>\n<p><img data-attachment-id=\"116\" data-permalink=\"https:\/\/trt27.com\/index.php\/pilotes\/pilote-thibaut-duchene-24h17\/\" data-orig-file=\"https:\/\/i0.wp.com\/trt27.com\/wp-content\/uploads\/2017\/04\/pilote-Thibaut-Duchene-24H17.jpg?fit=640%2C960&amp;ssl=1\" data-orig-size=\"640,960\" data-comments-opened=\"1\" data-image-meta=\"{&quot;aperture&quot;:&quot;0&quot;,&quot;credit&quot;:&quot;Jacques lebar&quot;,&quot;camera&quot;:&quot;&quot;,&quot;caption&quot;:&quot;&quot;,&quot;created_timestamp&quot;:&quot;0&quot;,&quot;copyright&quot;:&quot;Jacques Lebar&quot;,&quot;focal_length&quot;:&quot;0&quot;,&quot;iso&quot;:&quot;0&quot;,&quot;shutter_speed&quot;:&quot;0&quot;,&quot;title&quot;:&quot;&quot;,&quot;orientation&quot;:&quot;0&quot;}\" data-image-title=\"Thibaut Duchene\" data-image-description=\"&lt;p&gt;Thibaut Duchene&lt;\/p&gt;\n\" data-image-caption=\"\" data-medium-file=\"https:\/\/i0.wp.com\/trt27.com\/wp-content\/uploads\/2017\/04\/pilote-Thibaut-Duchene-24H17.jpg?fit=200%2C300&amp;ssl=1\" data-large-file=\"https:\/\/i0.wp.com\/trt27.com\/wp-content\/uploads\/2017\/04\/pilote-Thibaut-Duchene-24H17.jpg?fit=640%2C960&amp;ssl=1\" decoding=\"async\" loading=\"lazy\" class=\"alignnone wp-image-116 size-medium\" src=\"https:\/\/i0.wp.com\/trt27.com\/wp-content\/uploads\/2017\/04\/pilote-Thibaut-Duchene-24H17.jpg?resize=200%2C300&#038;ssl=1\" alt=\"\" width=\"200\" height=\"300\" srcset=\"https:\/\/i0.wp.com\/trt27.com\/wp-content\/uploads\/2017\/04\/pilote-Thibaut-Duchene-24H17.jpg?resize=200%2C300&amp;ssl=1 200w, https:\/\/i0.wp.com\/trt27.com\/wp-content\/uploads\/2017\/04\/pilote-Thibaut-Duchene-24H17.jpg?w=640&amp;ssl=1 640w\" sizes=\"(max-width: 200px) 85vw, 200px\" data-recalc-dims=\"1\" \/><\/p>\n<ul>\n<li><a href=\"https:\/\/www.facebook.com\/AlexSarrabayrouse96\">Alex Sarrabayrousse<\/a><\/li>\n<\/ul>\n<p><img data-attachment-id=\"113\" data-permalink=\"https:\/\/trt27.com\/index.php\/pilotes\/pilote-alex-sarrabayrouse-24h17\/\" data-orig-file=\"https:\/\/i0.wp.com\/trt27.com\/wp-content\/uploads\/2017\/04\/pilote-Alex-Sarrabayrouse-24H17.jpg?fit=640%2C960&amp;ssl=1\" data-orig-size=\"640,960\" data-comments-opened=\"1\" data-image-meta=\"{&quot;aperture&quot;:&quot;0&quot;,&quot;credit&quot;:&quot;Jacques lebar&quot;,&quot;camera&quot;:&quot;&quot;,&quot;caption&quot;:&quot;&quot;,&quot;created_timestamp&quot;:&quot;0&quot;,&quot;copyright&quot;:&quot;Jacques Lebar&quot;,&quot;focal_length&quot;:&quot;0&quot;,&quot;iso&quot;:&quot;0&quot;,&quot;shutter_speed&quot;:&quot;0&quot;,&quot;title&quot;:&quot;&quot;,&quot;orientation&quot;:&quot;0&quot;}\" data-image-title=\"Alex Sarrabayrouse\" data-image-description=\"&lt;p&gt;Alex Sarrabayrouse&lt;\/p&gt;\n\" data-image-caption=\"\" data-medium-file=\"https:\/\/i0.wp.com\/trt27.com\/wp-content\/uploads\/2017\/04\/pilote-Alex-Sarrabayrouse-24H17.jpg?fit=200%2C300&amp;ssl=1\" data-large-file=\"https:\/\/i0.wp.com\/trt27.com\/wp-content\/uploads\/2017\/04\/pilote-Alex-Sarrabayrouse-24H17.jpg?fit=640%2C960&amp;ssl=1\" decoding=\"async\" loading=\"lazy\" class=\"alignnone wp-image-113 size-medium\" src=\"https:\/\/i0.wp.com\/trt27.com\/wp-content\/uploads\/2017\/04\/pilote-Alex-Sarrabayrouse-24H17.jpg?resize=200%2C300&#038;ssl=1\" alt=\"\" width=\"200\" height=\"300\" srcset=\"https:\/\/i0.wp.com\/trt27.com\/wp-content\/uploads\/2017\/04\/pilote-Alex-Sarrabayrouse-24H17.jpg?resize=200%2C300&amp;ssl=1 200w, https:\/\/i0.wp.com\/trt27.com\/wp-content\/uploads\/2017\/04\/pilote-Alex-Sarrabayrouse-24H17.jpg?w=640&amp;ssl=1 640w\" sizes=\"(max-width: 200px) 85vw, 200px\" data-recalc-dims=\"1\" \/><\/p>\n<ul>\n<li>Luc Bibollet<\/li>\n<\/ul>\n<p><img data-attachment-id=\"114\" data-permalink=\"https:\/\/trt27.com\/index.php\/pilotes\/pilote-luc-bibollet-24h17\/\" data-orig-file=\"https:\/\/i0.wp.com\/trt27.com\/wp-content\/uploads\/2017\/04\/pilote-Luc-Bibollet-24H17.jpg?fit=640%2C960&amp;ssl=1\" data-orig-size=\"640,960\" data-comments-opened=\"1\" data-image-meta=\"{&quot;aperture&quot;:&quot;0&quot;,&quot;credit&quot;:&quot;Jacques lebar&quot;,&quot;camera&quot;:&quot;&quot;,&quot;caption&quot;:&quot;&quot;,&quot;created_timestamp&quot;:&quot;0&quot;,&quot;copyright&quot;:&quot;Jacques Lebar&quot;,&quot;focal_length&quot;:&quot;0&quot;,&quot;iso&quot;:&quot;0&quot;,&quot;shutter_speed&quot;:&quot;0&quot;,&quot;title&quot;:&quot;&quot;,&quot;orientation&quot;:&quot;0&quot;}\" data-image-title=\"Luc Bibollet\" data-image-description=\"&lt;p&gt;Luc Bibollet&lt;\/p&gt;\n\" data-image-caption=\"\" data-medium-file=\"https:\/\/i0.wp.com\/trt27.com\/wp-content\/uploads\/2017\/04\/pilote-Luc-Bibollet-24H17.jpg?fit=200%2C300&amp;ssl=1\" data-large-file=\"https:\/\/i0.wp.com\/trt27.com\/wp-content\/uploads\/2017\/04\/pilote-Luc-Bibollet-24H17.jpg?fit=640%2C960&amp;ssl=1\" decoding=\"async\" loading=\"lazy\" class=\"alignnone wp-image-114 size-medium\" src=\"https:\/\/i0.wp.com\/trt27.com\/wp-content\/uploads\/2017\/04\/pilote-Luc-Bibollet-24H17.jpg?resize=200%2C300&#038;ssl=1\" alt=\"\" width=\"200\" height=\"300\" srcset=\"https:\/\/i0.wp.com\/trt27.com\/wp-content\/uploads\/2017\/04\/pilote-Luc-Bibollet-24H17.jpg?resize=200%2C300&amp;ssl=1 200w, https:\/\/i0.wp.com\/trt27.com\/wp-content\/uploads\/2017\/04\/pilote-Luc-Bibollet-24H17.jpg?w=640&amp;ssl=1 640w\" sizes=\"(max-width: 200px) 85vw, 200px\" data-recalc-dims=\"1\" \/><\/p>\n<ul>\n<li>Pascal Chaumont<\/li>\n<\/ul>\n<p><img data-attachment-id=\"115\" data-permalink=\"https:\/\/trt27.com\/index.php\/pilotes\/pilote-pascal-chaumont-24h17\/\" data-orig-file=\"https:\/\/i0.wp.com\/trt27.com\/wp-content\/uploads\/2017\/04\/pilote-Pascal-Chaumont-24H17.jpg?fit=1536%2C2560&amp;ssl=1\" data-orig-size=\"1536,2560\" data-comments-opened=\"1\" data-image-meta=\"{&quot;aperture&quot;:&quot;2.6&quot;,&quot;credit&quot;:&quot;&quot;,&quot;camera&quot;:&quot;SM-G357FZ&quot;,&quot;caption&quot;:&quot;&quot;,&quot;created_timestamp&quot;:&quot;1492018954&quot;,&quot;copyright&quot;:&quot;&quot;,&quot;focal_length&quot;:&quot;3.54&quot;,&quot;iso&quot;:&quot;50&quot;,&quot;shutter_speed&quot;:&quot;0.00053276505061268&quot;,&quot;title&quot;:&quot;&quot;,&quot;orientation&quot;:&quot;1&quot;}\" data-image-title=\"Pascal Chaumont\" data-image-description=\"&lt;p&gt;Pascal Chaumont&lt;\/p&gt;\n\" data-image-caption=\"\" data-medium-file=\"https:\/\/i0.wp.com\/trt27.com\/wp-content\/uploads\/2017\/04\/pilote-Pascal-Chaumont-24H17.jpg?fit=180%2C300&amp;ssl=1\" data-large-file=\"https:\/\/i0.wp.com\/trt27.com\/wp-content\/uploads\/2017\/04\/pilote-Pascal-Chaumont-24H17.jpg?fit=614%2C1024&amp;ssl=1\" decoding=\"async\" loading=\"lazy\" class=\"alignnone wp-image-115 size-medium\" src=\"https:\/\/i0.wp.com\/trt27.com\/wp-content\/uploads\/2017\/04\/pilote-Pascal-Chaumont-24H17.jpg?resize=180%2C300&#038;ssl=1\" alt=\"\" width=\"180\" height=\"300\" srcset=\"https:\/\/i0.wp.com\/trt27.com\/wp-content\/uploads\/2017\/04\/pilote-Pascal-Chaumont-24H17.jpg?resize=180%2C300&amp;ssl=1 180w, https:\/\/i0.wp.com\/trt27.com\/wp-content\/uploads\/2017\/04\/pilote-Pascal-Chaumont-24H17.jpg?resize=768%2C1280&amp;ssl=1 768w, https:\/\/i0.wp.com\/trt27.com\/wp-content\/uploads\/2017\/04\/pilote-Pascal-Chaumont-24H17.jpg?resize=614%2C1024&amp;ssl=1 614w, https:\/\/i0.wp.com\/trt27.com\/wp-content\/uploads\/2017\/04\/pilote-Pascal-Chaumont-24H17.jpg?resize=1200%2C2000&amp;ssl=1 1200w, https:\/\/i0.wp.com\/trt27.com\/wp-content\/uploads\/2017\/04\/pilote-Pascal-Chaumont-24H17.jpg?w=1536&amp;ssl=1 1536w\" sizes=\"(max-width: 180px) 85vw, 180px\" data-recalc-dims=\"1\" \/><\/p>\n","protected":false},"excerpt":{"rendered":"<p>Thibaut Duch\u00eane Alex Sarrabayrousse Luc Bibollet Pascal Chaumont<\/p>\n","protected":false},"author":2,"featured_media":0,"parent":0,"menu_order":1,"comment_status":"closed","ping_status":"closed","template":"","meta":{"jetpack_post_was_ever_published":false},"jetpack_sharing_enabled":true,"jetpack_shortlink":"https:\/\/wp.me\/P8fPLR-P","jetpack-related-posts":[{"id":356,"url":"https:\/\/trt27.com\/index.php\/news\/","url_meta":{"origin":51,"position":0},"title":"News","author":"Eric Tan\u00e9sie","date":"5 f\u00e9vrier 2021","format":false,"excerpt":"News Saison 2021 Bonjour, voici le programme 2021, du TRT27 Bazar 2 la b\u00e9cane : participation \u00e0 la Coupe du Monde FIM d'Endurance en totalit\u00e9. Avec des roulages au mois de mars et les Essais pr\u00e9-Mans les 30\/31 mars, les 24 Heures du Mans les 17\/18 avril 2021; les 8\u2026","rel":"","context":"Article similaire","block_context":{"text":"Article similaire","link":""},"img":{"alt_text":"","src":"https:\/\/i0.wp.com\/trt27.com\/wp-content\/uploads\/2021\/02\/2021-Calend-TRT27-scaled.jpg?resize=350%2C200&ssl=1","width":350,"height":200,"srcset":"https:\/\/i0.wp.com\/trt27.com\/wp-content\/uploads\/2021\/02\/2021-Calend-TRT27-scaled.jpg?resize=350%2C200&ssl=1 1x, https:\/\/i0.wp.com\/trt27.com\/wp-content\/uploads\/2021\/02\/2021-Calend-TRT27-scaled.jpg?resize=525%2C300&ssl=1 1.5x, https:\/\/i0.wp.com\/trt27.com\/wp-content\/uploads\/2021\/02\/2021-Calend-TRT27-scaled.jpg?resize=700%2C400&ssl=1 2x, https:\/\/i0.wp.com\/trt27.com\/wp-content\/uploads\/2021\/02\/2021-Calend-TRT27-scaled.jpg?resize=1050%2C600&ssl=1 3x, https:\/\/i0.wp.com\/trt27.com\/wp-content\/uploads\/2021\/02\/2021-Calend-TRT27-scaled.jpg?resize=1400%2C800&ssl=1 4x"},"classes":[]},{"id":365,"url":"https:\/\/trt27.com\/index.php\/news-2\/","url_meta":{"origin":51,"position":1},"title":"News","author":"Eric Tan\u00e9sie","date":"5 f\u00e9vrier 2021","format":false,"excerpt":"Bonjour, voici le programme 2021, du TRT27 Bazar 2 la b\u00e9cane : participation \u00e0 la Coupe du Monde FIM d'Endurance en totalit\u00e9. Avec des roulages au mois de mars et les Essais pr\u00e9-Mans les 30\/31 mars, les 24 Heures du Mans les 17\/18 avril 2021; les 8 Heures Oschersleben (Allemagne)\u2026","rel":"","context":"Article similaire","block_context":{"text":"Article similaire","link":""},"img":{"alt_text":"","src":"https:\/\/i0.wp.com\/trt27.com\/wp-content\/uploads\/2021\/02\/2021-Calend-TRT27-scaled.jpg?resize=350%2C200&ssl=1","width":350,"height":200,"srcset":"https:\/\/i0.wp.com\/trt27.com\/wp-content\/uploads\/2021\/02\/2021-Calend-TRT27-scaled.jpg?resize=350%2C200&ssl=1 1x, https:\/\/i0.wp.com\/trt27.com\/wp-content\/uploads\/2021\/02\/2021-Calend-TRT27-scaled.jpg?resize=525%2C300&ssl=1 1.5x, https:\/\/i0.wp.com\/trt27.com\/wp-content\/uploads\/2021\/02\/2021-Calend-TRT27-scaled.jpg?resize=700%2C400&ssl=1 2x, https:\/\/i0.wp.com\/trt27.com\/wp-content\/uploads\/2021\/02\/2021-Calend-TRT27-scaled.jpg?resize=1050%2C600&ssl=1 3x, https:\/\/i0.wp.com\/trt27.com\/wp-content\/uploads\/2021\/02\/2021-Calend-TRT27-scaled.jpg?resize=1400%2C800&ssl=1 4x"},"classes":[]},{"id":413,"url":"https:\/\/trt27.com\/index.php\/photos-24-heures-de-spa-francorchamps-2022\/","url_meta":{"origin":51,"position":2},"title":"Photos 24 Heures de Spa Francorchamps 2022","author":"Eric Tan\u00e9sie","date":"27 juin 2022","format":false,"excerpt":"Gian Mertens Gian Bianco les 3 pilotes David Shoubridge","rel":"","context":"Article similaire","block_context":{"text":"Article similaire","link":""},"img":{"alt_text":"","src":"https:\/\/i0.wp.com\/trt27.com\/wp-content\/uploads\/2022\/06\/Team-24H-Spa-22-p-scaled.jpg?resize=350%2C200&ssl=1","width":350,"height":200},"classes":[]},{"id":272,"url":"https:\/\/trt27.com\/index.php\/compte-rendu\/","url_meta":{"origin":51,"position":3},"title":"Compte rendu","author":"Eric Tan\u00e9sie","date":"25 novembre 2019","format":false,"excerpt":"Equipe Bol d'Or 2019 Retour sur cette semaine sur le circuit du Castellet. Content de retrouver nos pilotes Thibaud, Julien, Philippe et K\u00e9vin. Nous profiterons des essais pour am\u00e9liorer le ch\u00e2ssis avec l\u2019aide de FP engineering ainsi que l\u2019\u00e9lectronique avec Manu d\u2019Univers racing et Phil de BCR. Pour les qualifications\u2026","rel":"","context":"Article similaire","block_context":{"text":"Article similaire","link":""},"img":{"alt_text":"","src":"https:\/\/i0.wp.com\/trt27.com\/wp-content\/uploads\/2019\/11\/Team-bol.jpg?resize=350%2C200&ssl=1","width":350,"height":200,"srcset":"https:\/\/i0.wp.com\/trt27.com\/wp-content\/uploads\/2019\/11\/Team-bol.jpg?resize=350%2C200&ssl=1 1x, https:\/\/i0.wp.com\/trt27.com\/wp-content\/uploads\/2019\/11\/Team-bol.jpg?resize=525%2C300&ssl=1 1.5x, https:\/\/i0.wp.com\/trt27.com\/wp-content\/uploads\/2019\/11\/Team-bol.jpg?resize=700%2C400&ssl=1 2x, https:\/\/i0.wp.com\/trt27.com\/wp-content\/uploads\/2019\/11\/Team-bol.jpg?resize=1050%2C600&ssl=1 3x, https:\/\/i0.wp.com\/trt27.com\/wp-content\/uploads\/2019\/11\/Team-bol.jpg?resize=1400%2C800&ssl=1 4x"},"classes":[]}],"_links":{"self":[{"href":"https:\/\/trt27.com\/index.php\/wp-json\/wp\/v2\/pages\/51"}],"collection":[{"href":"https:\/\/trt27.com\/index.php\/wp-json\/wp\/v2\/pages"}],"about":[{"href":"https:\/\/trt27.com\/index.php\/wp-json\/wp\/v2\/types\/page"}],"author":[{"embeddable":true,"href":"https:\/\/trt27.com\/index.php\/wp-json\/wp\/v2\/users\/2"}],"replies":[{"embeddable":true,"href":"https:\/\/trt27.com\/index.php\/wp-json\/wp\/v2\/comments?post=51"}],"version-history":[{"count":1,"href":"https:\/\/trt27.com\/index.php\/wp-json\/wp\/v2\/pages\/51\/revisions"}],"predecessor-version":[{"id":122,"href":"https:\/\/trt27.com\/index.php\/wp-json\/wp\/v2\/pages\/51\/revisions\/122"}],"wp:attachment":[{"href":"https:\/\/trt27.com\/index.php\/wp-json\/wp\/v2\/media?parent=51"}],"curies":[{"name":"wp","href":"https:\/\/api.w.org\/{rel}","templated":true}]}}